







{"id":41,"date":"2020-11-16T17:16:48","date_gmt":"2020-11-16T16:16:48","guid":{"rendered":"https:\/\/pogoda-podkarpackie.pl\/?page_id=41"},"modified":"2025-04-02T13:23:05","modified_gmt":"2025-04-02T11:23:05","slug":"strona-glowna","status":"publish","type":"page","link":"https:\/\/pogoda-podkarpackie.pl\/","title":{"rendered":"Pogoda na Podkarpaciu"},"content":{"rendered":"\n<hr class=\"wp-block-separator has-css-opacity is-style-wide\"\/>\n\n\n\n<div style=\"height:23px\" aria-hidden=\"true\" class=\"wp-block-spacer\"><\/div>\n\n\n\n<div class=\"wp-block-columns is-layout-flex wp-container-core-columns-is-layout-1 wp-block-columns-is-layout-flex\">\n<div class=\"wp-block-column is-layout-flow wp-block-column-is-layout-flow\" style=\"flex-basis:48%\">\n<p style=\"font-size:14px\">W og\u00f3lnych informacjach znajdziesz wszystkie niezb\u0119dne informacje na temat aktualnych warunk\u00f3w atmosferycznych w wybranych miejscowo\u015bciach na Podkarpaciu. Dowiesz si\u0119 tak\u017ce, jakie s\u0105 prognozy pogody na najbli\u017csze dni.<\/p>\n\n\n\n<div style=\"height:37px\" aria-hidden=\"true\" class=\"wp-block-spacer\"><\/div>\n\n\n\n<p class=\"has-vivid-red-color has-text-color\" style=\"font-size:14px\">W razie pyta\u0144 b\u0105d\u017a te\u017c propozycji dodania innej miejscowo\u015bci do strony, zapraszam do kontaktu e-mail: slawko1616@gmail.com<\/p>\n\n\n\n<p><\/p>\n<\/div>\n\n\n\n<div class=\"wp-block-column is-layout-flow wp-block-column-is-layout-flow\">\n<iframe loading=\"lazy\" src=\"https:\/\/api.wo-cloud.com\/content\/widget\/?geoObjectKey=12428788&#038;language=pl&#038;region=PL&#038;timeFormat=HH:mm&#038;windUnit=kmh&#038;systemOfMeasurement=metric&#038;temperatureUnit=celsius\" name=\"CW2\" scrolling=\"no\" width=\"318\" height=\"318\" frameborder=\"0\" style=\"border-radius: 8px\"><\/iframe>\n<\/div>\n<\/div>\n\n\n\n<hr class=\"wp-block-separator has-css-opacity is-style-wide\"\/>\n\n\n\n<p class=\"has-text-align-center\"><strong>Burze &#8211; mapa obrazuje lokalizacje wy\u0142adowa\u0144 atmosferycznych na \u017cywo <\/strong><\/p>\n\n\n\n<p class=\"has-text-align-center has-vivid-red-color has-text-color\">(\u017ar\u00f3d\u0142o: blitzortung.org)<\/p>\n\n\n\n<div style=\"height:30px\" aria-hidden=\"true\" class=\"wp-block-spacer\"><\/div>\n\n\n\n<div class=\"wp-block-columns is-layout-flex wp-container-core-columns-is-layout-2 wp-block-columns-is-layout-flex\">\n<div class=\"wp-block-column is-layout-flow wp-block-column-is-layout-flow\" style=\"flex-basis:2.5%\"><\/div>\n\n\n\n<div class=\"wp-block-column is-layout-flow wp-block-column-is-layout-flow\" style=\"flex-basis:95%\">\n<img decoding=\"async\" src=\"https:\/\/www.blitzortung.org\/Images\/image_b_pl.png?\" style=\"float: center\" width=\"auto\" height=\"auto\" border=\"0\">\n<\/div>\n\n\n\n<div class=\"wp-block-column is-layout-flow wp-block-column-is-layout-flow\"><\/div>\n<\/div>\n\n\n\n<hr class=\"wp-block-separator has-css-opacity is-style-wide\"\/>\n\n\n\n<p class=\"has-text-align-center\"><strong>Radar opadu deszczu <\/strong><\/p>\n\n\n\n<p class=\"has-text-align-center has-vivid-red-color has-text-color\">(\u017ar\u00f3d\u0142o: windy.com)<\/p>\n\n\n\n<div style=\"height:32px\" aria-hidden=\"true\" class=\"wp-block-spacer\"><\/div>\n\n\n\n<div class=\"wp-block-columns is-layout-flex wp-container-core-columns-is-layout-3 wp-block-columns-is-layout-flex\">\n<div class=\"wp-block-column is-layout-flow wp-block-column-is-layout-flow\" style=\"flex-basis:1.5%\"><\/div>\n\n\n\n<div class=\"wp-block-column is-layout-flow wp-block-column-is-layout-flow\" style=\"flex-basis:50%\">\n<iframe loading=\"lazy\" width=\"620\" height=\"450\" src=\"https:\/\/embed.windy.com\/embed.html?type=map&#038;location=coordinates&#038;metricRain=mm&#038;metricTemp=\u00b0C&#038;metricWind=km\/h&#038;zoom=9&#038;overlay=radar&#038;product=radar&#038;level=surface&#038;lat=49.655&#038;lon=21.731&#038;message=true\" frameborder=\"0\"><\/iframe>\n<\/div>\n\n\n\n<div class=\"wp-block-column is-layout-flow wp-block-column-is-layout-flow\" style=\"flex-basis:60%\"><\/div>\n<\/div>\n\n\n\n<div style=\"height:32px\" aria-hidden=\"true\" class=\"wp-block-spacer\"><\/div>\n\n\n\n<hr class=\"wp-block-separator has-css-opacity is-style-wide\"\/>\n\n\n\n<p class=\"has-text-align-center\"><strong>Aktualne zdj\u0119cie satelitarne z zachmurzeniem<\/strong> <\/p>\n\n\n\n<p class=\"has-text-align-center has-vivid-red-color has-text-color\">(\u017ar\u00f3d\u0142o: windy.com)<\/p>\n\n\n\n<div style=\"height:30px\" aria-hidden=\"true\" class=\"wp-block-spacer\"><\/div>\n\n\n\n<div class=\"wp-block-columns is-layout-flex wp-container-core-columns-is-layout-4 wp-block-columns-is-layout-flex\">\n<div class=\"wp-block-column is-layout-flow wp-block-column-is-layout-flow\" style=\"flex-basis:1%\"><\/div>\n\n\n\n<div class=\"wp-block-column is-layout-flow wp-block-column-is-layout-flow\" style=\"flex-basis:95%\">\n<iframe loading=\"lazy\" width=\"620\" height=\"450\" src=\"https:\/\/embed.windy.com\/embed.html?type=map&#038;location=coordinates&#038;metricRain=mm&#038;metricTemp=\u00b0C&#038;metricWind=km\/h&#038;zoom=7&#038;overlay=clouds&#038;product=ecmwf&#038;level=surface&#038;lat=49.788&#038;lon=21.632&#038;message=true\" frameborder=\"0\"><\/iframe>\n<\/div>\n\n\n\n<div class=\"wp-block-column is-layout-flow wp-block-column-is-layout-flow\" style=\"flex-basis:3%\"><\/div>\n<\/div>\n\n\n\n<hr class=\"wp-block-separator has-css-opacity is-style-wide\"\/>\n\n\n\n<p class=\"has-text-align-center\"><strong>Rozk\u0142ad ni\u017c\u00f3w i wy\u017c\u00f3w nad Europ\u0105 <\/strong><\/p>\n\n\n\n<p class=\"has-text-align-center has-vivid-red-color has-text-color\">(\u017ar\u00f3d\u0142o: wetterpate.de)<\/p>\n\n\n\n<div class=\"wp-block-columns is-layout-flex wp-container-core-columns-is-layout-5 wp-block-columns-is-layout-flex\">\n<div class=\"wp-block-column is-layout-flow wp-block-column-is-layout-flow\" style=\"flex-basis:5%\"><\/div>\n\n\n\n<div class=\"wp-block-column is-layout-flow wp-block-column-is-layout-flow\">\n<div style=\"height:30px\" aria-hidden=\"true\" class=\"wp-block-spacer\"><\/div>\n\n\n\n<img loading=\"lazy\" decoding=\"async\" src=\"https:\/\/wind.met.fu-berlin.de\/storage\/wetterkarten\/ana_bwk_na_p_000_000.gif\" style=\"float: center\" width=\"710\" height=\"600\" border=\"0\">\n<\/div>\n\n\n\n<div class=\"wp-block-column is-layout-flow wp-block-column-is-layout-flow\" style=\"flex-basis:5%\"><\/div>\n<\/div>\n\n\n\n<hr class=\"wp-block-separator has-css-opacity is-style-wide\"\/>\n\n\n\n<p class=\"has-text-align-center\"><strong>Ostrze\u017cenia meteorologiczne<\/strong><\/p>\n\n\n\n<p class=\"has-text-align-center has-vivid-red-color has-text-color\">(\u017ar\u00f3d\u0142o: windy.com)<\/p>\n\n\n\n<iframe loading=\"lazy\" width=\"650\" height=\"450\" src=\"https:\/\/embed.windy.com\/embed2.html?lat=49.863&amp;lon=21.566&amp;detailLat=49.875&amp;detailLon=21.907&amp;width=650&amp;height=450&amp;zoom=8&amp;level=surface&amp;overlay=capAlerts&amp;product=capAlerts&amp;menu=&amp;message=&amp;marker=&amp;calendar=12&amp;pressure=&amp;type=map&amp;location=coordinates&amp;detail=&amp;metricWind=km%2Fh&amp;metricTemp=%C2%B0C&amp;radarRange=-1\" frameborder=\"0\"><\/iframe>\n\n\n\n<hr class=\"wp-block-separator has-css-opacity is-style-wide\"\/>\n\n\n\n<img loading=\"lazy\" decoding=\"async\" src=\"https:\/\/fra1.digitaloceanspaces.com\/diag1\/wp-content\/uploads\/sites\/5\/2020\/04\/28084253\/kalendarz-pylenia.jpg\" width=\"1000\" height=\"1000\" border=\"2\">\n\n\n\n<p><\/p>\n","protected":false},"excerpt":{"rendered":"<p>W og\u00f3lnych informacjach znajdziesz wszystkie niezb\u0119dne informacje na temat aktualnych warunk\u00f3w atmosferycznych w wybranych miejscowo\u015bciach na Podkarpaciu. Dowiesz si\u0119 tak\u017ce, jakie s\u0105 prognozy pogody na najbli\u017csze dni. W razie pyta\u0144&hellip; <\/p>\n","protected":false},"author":1,"featured_media":0,"parent":0,"menu_order":0,"comment_status":"closed","ping_status":"closed","template":"","meta":{"footnotes":""},"yoast_head":"<!-- This site is optimized with the Yoast SEO plugin v22.9 - https:\/\/yoast.com\/wordpress\/plugins\/seo\/ -->\n<title>Og\u00f3lne dane- Pogoda na Podkarpaciu<\/title>\n<meta name=\"description\" content=\"Pogoda na Podkarpaciu, aktualne warunki pogodowe, prognozy pogody, warunki narciarskie, ostrze\u017cenia meteorologiczne, tylko sprawdzone informacje\" \/>\n<meta name=\"robots\" content=\"index, follow, max-snippet:-1, max-image-preview:large, max-video-preview:-1\" \/>\n<link rel=\"canonical\" href=\"https:\/\/pogoda-podkarpackie.pl\/\" \/>\n<meta property=\"og:locale\" content=\"pl_PL\" \/>\n<meta property=\"og:type\" content=\"article\" \/>\n<meta property=\"og:title\" content=\"Og\u00f3lne dane- Pogoda na Podkarpaciu\" \/>\n<meta property=\"og:description\" content=\"Pogoda na Podkarpaciu, aktualne warunki pogodowe, prognozy pogody, warunki narciarskie, ostrze\u017cenia meteorologiczne, tylko sprawdzone informacje\" \/>\n<meta property=\"og:url\" content=\"https:\/\/pogoda-podkarpackie.pl\/\" \/>\n<meta property=\"article:modified_time\" content=\"2025-04-02T11:23:05+00:00\" \/>\n<meta property=\"og:image\" content=\"https:\/\/pogoda-podkarpackie.pl\/wp-content\/uploads\/2020\/11\/puste-1-1.jpg\" \/>\n\t<meta property=\"og:image:width\" content=\"1920\" \/>\n\t<meta property=\"og:image:height\" content=\"813\" \/>\n\t<meta property=\"og:image:type\" content=\"image\/jpeg\" \/>\n<meta name=\"twitter:card\" content=\"summary_large_image\" \/>\n<meta name=\"twitter:label1\" content=\"Szacowany czas czytania\" \/>\n\t<meta name=\"twitter:data1\" content=\"2 minuty\" \/>\n<script type=\"application\/ld+json\" class=\"yoast-schema-graph\">{\"@context\":\"https:\/\/schema.org\",\"@graph\":[{\"@type\":\"WebPage\",\"@id\":\"https:\/\/pogoda-podkarpackie.pl\/\",\"url\":\"https:\/\/pogoda-podkarpackie.pl\/\",\"name\":\"Og\u00f3lne dane- Pogoda na Podkarpaciu\",\"isPartOf\":{\"@id\":\"https:\/\/pogoda-podkarpackie.pl\/#website\"},\"primaryImageOfPage\":{\"@id\":\"https:\/\/pogoda-podkarpackie.pl\/#primaryimage\"},\"image\":{\"@id\":\"https:\/\/pogoda-podkarpackie.pl\/#primaryimage\"},\"thumbnailUrl\":\"https:\/\/www.blitzortung.org\/Images\/image_b_pl.png?\",\"datePublished\":\"2020-11-16T16:16:48+00:00\",\"dateModified\":\"2025-04-02T11:23:05+00:00\",\"description\":\"Pogoda na Podkarpaciu, aktualne warunki pogodowe, prognozy pogody, warunki narciarskie, ostrze\u017cenia meteorologiczne, tylko sprawdzone informacje\",\"breadcrumb\":{\"@id\":\"https:\/\/pogoda-podkarpackie.pl\/#breadcrumb\"},\"inLanguage\":\"pl-PL\",\"potentialAction\":[{\"@type\":\"ReadAction\",\"target\":[\"https:\/\/pogoda-podkarpackie.pl\/\"]}]},{\"@type\":\"ImageObject\",\"inLanguage\":\"pl-PL\",\"@id\":\"https:\/\/pogoda-podkarpackie.pl\/#primaryimage\",\"url\":\"https:\/\/www.blitzortung.org\/Images\/image_b_pl.png?\",\"contentUrl\":\"https:\/\/www.blitzortung.org\/Images\/image_b_pl.png?\"},{\"@type\":\"BreadcrumbList\",\"@id\":\"https:\/\/pogoda-podkarpackie.pl\/#breadcrumb\",\"itemListElement\":[{\"@type\":\"ListItem\",\"position\":1,\"name\":\"Strona g\u0142\u00f3wna\",\"item\":\"https:\/\/pogoda-podkarpackie.pl\/\"},{\"@type\":\"ListItem\",\"position\":2,\"name\":\"Pogoda na Podkarpaciu\"}]},{\"@type\":\"WebSite\",\"@id\":\"https:\/\/pogoda-podkarpackie.pl\/#website\",\"url\":\"https:\/\/pogoda-podkarpackie.pl\/\",\"name\":\"\",\"description\":\"\",\"publisher\":{\"@id\":\"https:\/\/pogoda-podkarpackie.pl\/#\/schema\/person\/d00805131cfee9672bb133a1f5f07a8d\"},\"potentialAction\":[{\"@type\":\"SearchAction\",\"target\":{\"@type\":\"EntryPoint\",\"urlTemplate\":\"https:\/\/pogoda-podkarpackie.pl\/?s={search_term_string}\"},\"query-input\":\"required name=search_term_string\"}],\"inLanguage\":\"pl-PL\"},{\"@type\":[\"Person\",\"Organization\"],\"@id\":\"https:\/\/pogoda-podkarpackie.pl\/#\/schema\/person\/d00805131cfee9672bb133a1f5f07a8d\",\"name\":\"pogodapdk\",\"image\":{\"@type\":\"ImageObject\",\"inLanguage\":\"pl-PL\",\"@id\":\"https:\/\/pogoda-podkarpackie.pl\/#\/schema\/person\/image\/\",\"url\":\"https:\/\/secure.gravatar.com\/avatar\/6674b53f68107cc82213f877da11f179?s=96&d=mm&r=g\",\"contentUrl\":\"https:\/\/secure.gravatar.com\/avatar\/6674b53f68107cc82213f877da11f179?s=96&d=mm&r=g\",\"caption\":\"pogodapdk\"},\"logo\":{\"@id\":\"https:\/\/pogoda-podkarpackie.pl\/#\/schema\/person\/image\/\"},\"sameAs\":[\"https:\/\/pogoda-podkarpackie.pl\"]}]}<\/script>\n<!-- \/ Yoast SEO plugin. -->","yoast_head_json":{"title":"Og\u00f3lne dane- Pogoda na Podkarpaciu","description":"Pogoda na Podkarpaciu, aktualne warunki pogodowe, prognozy pogody, warunki narciarskie, ostrze\u017cenia meteorologiczne, tylko sprawdzone informacje","robots":{"index":"index","follow":"follow","max-snippet":"max-snippet:-1","max-image-preview":"max-image-preview:large","max-video-preview":"max-video-preview:-1"},"canonical":"https:\/\/pogoda-podkarpackie.pl\/","og_locale":"pl_PL","og_type":"article","og_title":"Og\u00f3lne dane- Pogoda na Podkarpaciu","og_description":"Pogoda na Podkarpaciu, aktualne warunki pogodowe, prognozy pogody, warunki narciarskie, ostrze\u017cenia meteorologiczne, tylko sprawdzone informacje","og_url":"https:\/\/pogoda-podkarpackie.pl\/","article_modified_time":"2025-04-02T11:23:05+00:00","og_image":[{"width":1920,"height":813,"url":"https:\/\/pogoda-podkarpackie.pl\/wp-content\/uploads\/2020\/11\/puste-1-1.jpg","type":"image\/jpeg"}],"twitter_card":"summary_large_image","twitter_misc":{"Szacowany czas czytania":"2 minuty"},"schema":{"@context":"https:\/\/schema.org","@graph":[{"@type":"WebPage","@id":"https:\/\/pogoda-podkarpackie.pl\/","url":"https:\/\/pogoda-podkarpackie.pl\/","name":"Og\u00f3lne dane- Pogoda na Podkarpaciu","isPartOf":{"@id":"https:\/\/pogoda-podkarpackie.pl\/#website"},"primaryImageOfPage":{"@id":"https:\/\/pogoda-podkarpackie.pl\/#primaryimage"},"image":{"@id":"https:\/\/pogoda-podkarpackie.pl\/#primaryimage"},"thumbnailUrl":"https:\/\/www.blitzortung.org\/Images\/image_b_pl.png?","datePublished":"2020-11-16T16:16:48+00:00","dateModified":"2025-04-02T11:23:05+00:00","description":"Pogoda na Podkarpaciu, aktualne warunki pogodowe, prognozy pogody, warunki narciarskie, ostrze\u017cenia meteorologiczne, tylko sprawdzone informacje","breadcrumb":{"@id":"https:\/\/pogoda-podkarpackie.pl\/#breadcrumb"},"inLanguage":"pl-PL","potentialAction":[{"@type":"ReadAction","target":["https:\/\/pogoda-podkarpackie.pl\/"]}]},{"@type":"ImageObject","inLanguage":"pl-PL","@id":"https:\/\/pogoda-podkarpackie.pl\/#primaryimage","url":"https:\/\/www.blitzortung.org\/Images\/image_b_pl.png?","contentUrl":"https:\/\/www.blitzortung.org\/Images\/image_b_pl.png?"},{"@type":"BreadcrumbList","@id":"https:\/\/pogoda-podkarpackie.pl\/#breadcrumb","itemListElement":[{"@type":"ListItem","position":1,"name":"Strona g\u0142\u00f3wna","item":"https:\/\/pogoda-podkarpackie.pl\/"},{"@type":"ListItem","position":2,"name":"Pogoda na Podkarpaciu"}]},{"@type":"WebSite","@id":"https:\/\/pogoda-podkarpackie.pl\/#website","url":"https:\/\/pogoda-podkarpackie.pl\/","name":"","description":"","publisher":{"@id":"https:\/\/pogoda-podkarpackie.pl\/#\/schema\/person\/d00805131cfee9672bb133a1f5f07a8d"},"potentialAction":[{"@type":"SearchAction","target":{"@type":"EntryPoint","urlTemplate":"https:\/\/pogoda-podkarpackie.pl\/?s={search_term_string}"},"query-input":"required name=search_term_string"}],"inLanguage":"pl-PL"},{"@type":["Person","Organization"],"@id":"https:\/\/pogoda-podkarpackie.pl\/#\/schema\/person\/d00805131cfee9672bb133a1f5f07a8d","name":"pogodapdk","image":{"@type":"ImageObject","inLanguage":"pl-PL","@id":"https:\/\/pogoda-podkarpackie.pl\/#\/schema\/person\/image\/","url":"https:\/\/secure.gravatar.com\/avatar\/6674b53f68107cc82213f877da11f179?s=96&d=mm&r=g","contentUrl":"https:\/\/secure.gravatar.com\/avatar\/6674b53f68107cc82213f877da11f179?s=96&d=mm&r=g","caption":"pogodapdk"},"logo":{"@id":"https:\/\/pogoda-podkarpackie.pl\/#\/schema\/person\/image\/"},"sameAs":["https:\/\/pogoda-podkarpackie.pl"]}]}},"_links":{"self":[{"href":"https:\/\/pogoda-podkarpackie.pl\/index.php\/wp-json\/wp\/v2\/pages\/41"}],"collection":[{"href":"https:\/\/pogoda-podkarpackie.pl\/index.php\/wp-json\/wp\/v2\/pages"}],"about":[{"href":"https:\/\/pogoda-podkarpackie.pl\/index.php\/wp-json\/wp\/v2\/types\/page"}],"author":[{"embeddable":true,"href":"https:\/\/pogoda-podkarpackie.pl\/index.php\/wp-json\/wp\/v2\/users\/1"}],"replies":[{"embeddable":true,"href":"https:\/\/pogoda-podkarpackie.pl\/index.php\/wp-json\/wp\/v2\/comments?post=41"}],"version-history":[{"count":388,"href":"https:\/\/pogoda-podkarpackie.pl\/index.php\/wp-json\/wp\/v2\/pages\/41\/revisions"}],"predecessor-version":[{"id":1892,"href":"https:\/\/pogoda-podkarpackie.pl\/index.php\/wp-json\/wp\/v2\/pages\/41\/revisions\/1892"}],"wp:attachment":[{"href":"https:\/\/pogoda-podkarpackie.pl\/index.php\/wp-json\/wp\/v2\/media?parent=41"}],"curies":[{"name":"wp","href":"https:\/\/api.w.org\/{rel}","templated":true}]}}