







{"id":26,"date":"2020-11-16T16:44:22","date_gmt":"2020-11-16T15:44:22","guid":{"rendered":"https:\/\/pogoda-podkarpackie.pl\/?page_id=26"},"modified":"2026-04-26T23:04:21","modified_gmt":"2026-04-26T21:04:21","slug":"polany","status":"publish","type":"page","link":"https:\/\/pogoda-podkarpackie.pl\/index.php\/polany\/","title":{"rendered":"Polany"},"content":{"rendered":"\n<hr class=\"wp-block-separator has-css-opacity is-style-wide\"\/>\n\n\n\n<div class=\"wp-block-columns is-layout-flex wp-container-core-columns-is-layout-1 wp-block-columns-is-layout-flex\">\n<div class=\"wp-block-column is-layout-flow wp-block-column-is-layout-flow\">\n<h5 class=\"wp-block-heading has-text-align-center\">Stacja meteorologiczna: EFWS2900<\/h5>\n\n\n\n<p class=\"has-text-align-center\"><mark style=\"background-color:rgba(0, 0, 0, 0)\" class=\"has-inline-color has-vivid-green-cyan-color\"><strong>(aktualizacja co 1 min)<\/strong><\/mark><\/p>\n\n\n\n<iframe loading=\"lazy\" width=\"380\" height=\"350\" src=\"https:\/\/www.openstreetmap.org\/export\/embed.html?bbox=21.095123291015625%2C49.32154160369879%2C22.0220947265625%2C49.634730283817326&amp;layer=mapnik&amp;marker=49.47838630522649%2C21.558609008789062\" style=\"border: 1px solid black\"><\/iframe><br\/><small><a href=\"https:\/\/www.openstreetmap.org\/?mlat=49.4784&amp;mlon=21.5586#map=11\/49.4784\/21.5586\">Wy\u015bwietl wi\u0119ksz\u0105 map\u0119<\/a><\/small>\n<\/div>\n\n\n\n<div class=\"wp-block-column is-layout-flow wp-block-column-is-layout-flow\"><div class=\"wp-block-image\">\n<figure class=\"aligncenter size-medium is-resized\"><img loading=\"lazy\" decoding=\"async\" width=\"253\" height=\"300\" src=\"https:\/\/pogoda-podkarpackie.pl\/wp-content\/uploads\/Polany-253x300.webp\" alt=\"\" class=\"wp-image-1840\" style=\"width:191px;height:auto\" srcset=\"https:\/\/pogoda-podkarpackie.pl\/wp-content\/uploads\/Polany-253x300.webp 253w, https:\/\/pogoda-podkarpackie.pl\/wp-content\/uploads\/Polany-863x1024.webp 863w, https:\/\/pogoda-podkarpackie.pl\/wp-content\/uploads\/Polany-768x911.webp 768w, https:\/\/pogoda-podkarpackie.pl\/wp-content\/uploads\/Polany-1295x1536.webp 1295w, https:\/\/pogoda-podkarpackie.pl\/wp-content\/uploads\/Polany.webp 1503w\" sizes=\"(max-width: 253px) 100vw, 253px\" \/><\/figure><\/div><\/div>\n<\/div>\n\n\n\n<div class=\"wp-block-columns is-layout-flex wp-container-core-columns-is-layout-2 wp-block-columns-is-layout-flex\">\n<div class=\"wp-block-column is-layout-flow wp-block-column-is-layout-flow\">\n<iframe loading=\"lazy\" src=\"https:\/\/pogoda-podkarpackie.pl\/grafana\/d-solo\/DoxGs6S7z\/stacja-polany?orgId=1&#038;timezone=browser&#038;refresh=10s&#038;theme=light&#038;panelId=panel-6\" width=\"200\" height=\"200\" frameborder=\"0\"><\/iframe>\n<\/div>\n\n\n\n<div class=\"wp-block-column is-layout-flow wp-block-column-is-layout-flow\">\n<iframe loading=\"lazy\" src=\"https:\/\/pogoda-podkarpackie.pl\/grafana\/d-solo\/DoxGs6S7z\/stacja-polany?orgId=1&amp;theme=light&amp;refresh=1m&amp;panelId=8\" width=\"200\" height=\"200\" frameborder=\"0\"><\/iframe>\n<\/div>\n\n\n\n<div class=\"wp-block-column is-layout-flow wp-block-column-is-layout-flow\">\n<iframe loading=\"lazy\" src=\"https:\/\/pogoda-podkarpackie.pl\/grafana\/d-solo\/DoxGs6S7z\/stacja-polany?orgId=1&amp;theme=light&amp;refresh=1m&amp;panelId=10\" width=\"200\" height=\"200\" frameborder=\"0\"><\/iframe>\n<\/div>\n<\/div>\n\n\n\n<div class=\"wp-block-columns is-layout-flex wp-container-core-columns-is-layout-3 wp-block-columns-is-layout-flex\">\n<div class=\"wp-block-column is-layout-flow wp-block-column-is-layout-flow\">\n<iframe loading=\"lazy\" src=\"https:\/\/pogoda-podkarpackie.pl\/grafana\/d-solo\/DoxGs6S7z\/stacja-polany?orgId=1&amp;theme=light&amp;refresh=1m&amp;panelId=12\" width=\"200\" height=\"200\" frameborder=\"0\"><\/iframe>\n\n\n\n<p><\/p>\n<\/div>\n\n\n\n<div class=\"wp-block-column is-layout-flow wp-block-column-is-layout-flow\">\n<iframe loading=\"lazy\" src=\"https:\/\/pogoda-podkarpackie.pl\/grafana\/d-solo\/DoxGs6S7z\/stacja-polany?orgId=1&amp;theme=light&amp;refresh=1m&amp;panelId=14\" width=\"200\" height=\"200\" frameborder=\"0\"><\/iframe>\n<\/div>\n\n\n\n<div class=\"wp-block-column is-layout-flow wp-block-column-is-layout-flow\"><\/div>\n<\/div>\n\n\n\n<iframe loading=\"lazy\" src=\"https:\/\/pogoda-podkarpackie.pl\/grafana\/d-solo\/DoxGs6S7z\/stacja-polany?orgId=1&#038;timezone=browser&#038;refresh=10s&#038;theme=light&#038;panelId=panel-25\" width=\"660\" height=\"300\" frameborder=\"2\"><\/iframe>\n\n\n\n<iframe loading=\"lazy\" src=\"https:\/\/pogoda-podkarpackie.pl\/grafana\/d-solo\/DoxGs6S7z\/stacja-polany?orgId=1&amp;theme=light&amp;refresh=1m&amp;panelId=16\" width=\"660\" height=\"300\" frameborder=\"2\"><\/iframe>\n\n\n\n<iframe loading=\"lazy\" src=\"https:\/\/pogoda-podkarpackie.pl\/grafana\/d-solo\/DoxGs6S7z\/stacja-polany?orgId=1&amp;theme=light&amp;refresh=1m&amp;panelId=18\" width=\"660\" height=\"300\" frameborder=\"2\"><\/iframe>\n\n\n\n<iframe loading=\"lazy\" src=\"https:\/\/pogoda-podkarpackie.pl\/grafana\/d-solo\/DoxGs6S7z\/stacja-polany?orgId=1&amp;theme=light&amp;refresh=1m&amp;panelId=24\" width=\"660\" height=\"300\" frameborder=\"2\"><\/iframe>\n\n\n\n<iframe loading=\"lazy\" src=\"https:\/\/pogoda-podkarpackie.pl\/grafana\/d-solo\/DoxGs6S7z\/stacja-polany?orgId=1&amp;theme=light&amp;refresh=1m&amp;panelId=20\" width=\"660\" height=\"300\" frameborder=\"2\"><\/iframe>\n\n\n\n<iframe loading=\"lazy\" src=\"https:\/\/pogoda-podkarpackie.pl\/grafana\/d-solo\/DoxGs6S7z\/stacja-polany?orgId=1&amp;theme=light&amp;refresh=1m&amp;panelId=22\" width=\"660\" height=\"300\" frameborder=\"2\"><\/iframe>\n\n\n\n<hr class=\"wp-block-separator has-css-opacity is-style-wide\"\/>\n\n\n\n<div class=\"wp-block-columns is-layout-flex wp-container-core-columns-is-layout-4 wp-block-columns-is-layout-flex\">\n<div class=\"wp-block-column is-layout-flow wp-block-column-is-layout-flow\" style=\"flex-basis:16%\"><\/div>\n\n\n\n<div class=\"wp-block-column is-layout-flow wp-block-column-is-layout-flow\">\n<iframe loading=\"lazy\" src=\"https:\/\/pogoda-podkarpackie.pl\/grafana\/d-solo\/DoxGs6S7z\/stacja-polany?orgId=1&amp;theme=light&amp;refresh=1m&amp;panelId=2\" width=\"400\" height=\"150\" frameborder=\"0\"><\/iframe>\n<\/div>\n\n\n\n<div class=\"wp-block-column is-layout-flow wp-block-column-is-layout-flow\"><\/div>\n<\/div>\n\n\n\n<hr class=\"wp-block-separator has-css-opacity is-style-wide\"\/>\n\n\n\n<iframe loading=\"lazy\" src=\"https:\/\/pogoda-podkarpackie.pl\/grafana\/d-solo\/DoxGs6S7z\/stacja-polany?orgId=1&amp;theme=light&amp;refresh=1m&amp;panelId=4\" width=\"660\" height=\"300\" frameborder=\"0\"><\/iframe>\n\n\n\n<p><\/p>\n\n\n\n<div class=\"wp-block-buttons is-layout-flex wp-block-buttons-is-layout-flex\">\n<div class=\"wp-block-button\"><a class=\"wp-block-button__link wp-element-button\" href=\"https:\/\/pogoda-podkarpackie.pl\/grafana\/d\/DoxGs6S7z\/stacja-polany?orgId=1&amp;from=now-24h&amp;to=now&amp;timezone=browser\"><mark style=\"background-color:rgba(0, 0, 0, 0)\" class=\"has-inline-color has-white-color\">Sprawd\u017a archiwalne dane<\/mark><\/a><\/div>\n<\/div>\n","protected":false},"excerpt":{"rendered":"<p>Stacja meteorologiczna: EFWS2900 (aktualizacja co 1 min) Wy\u015bwietl wi\u0119ksz\u0105 map\u0119<\/p>\n","protected":false},"author":1,"featured_media":0,"parent":0,"menu_order":0,"comment_status":"closed","ping_status":"closed","template":"","meta":{"footnotes":""},"yoast_head":"<!-- This site is optimized with the Yoast SEO plugin v22.9 - https:\/\/yoast.com\/wordpress\/plugins\/seo\/ -->\n<title>Polany- Pogoda Podkarpackie<\/title>\n<meta name=\"description\" content=\"Pogoda na Podkarpaciu, aktualne warunki pogodowe, prognozy pogody, warunki narciarskie, ostrze\u017cenia meteorologiczne, tylko sprawdzone informacje dla regionu Podkarpacia\" \/>\n<meta name=\"robots\" content=\"index, follow, max-snippet:-1, max-image-preview:large, max-video-preview:-1\" \/>\n<link rel=\"canonical\" href=\"https:\/\/pogoda-podkarpackie.pl\/index.php\/polany\/\" \/>\n<meta property=\"og:locale\" content=\"pl_PL\" \/>\n<meta property=\"og:type\" content=\"article\" \/>\n<meta property=\"og:title\" content=\"Polany- Pogoda Podkarpackie\" \/>\n<meta property=\"og:description\" content=\"Pogoda na Podkarpaciu, aktualne warunki pogodowe, prognozy pogody, warunki narciarskie, ostrze\u017cenia meteorologiczne, tylko sprawdzone informacje dla regionu Podkarpacia\" \/>\n<meta property=\"og:url\" content=\"https:\/\/pogoda-podkarpackie.pl\/index.php\/polany\/\" \/>\n<meta property=\"article:modified_time\" content=\"2026-04-26T21:04:21+00:00\" \/>\n<meta property=\"og:image\" content=\"https:\/\/pogoda-podkarpackie.pl\/wp-content\/uploads\/Polany-253x300.webp\" \/>\n<meta name=\"twitter:card\" content=\"summary_large_image\" \/>\n<meta name=\"twitter:label1\" content=\"Szacowany czas czytania\" \/>\n\t<meta name=\"twitter:data1\" content=\"1 minuta\" \/>\n<script type=\"application\/ld+json\" class=\"yoast-schema-graph\">{\"@context\":\"https:\/\/schema.org\",\"@graph\":[{\"@type\":\"WebPage\",\"@id\":\"https:\/\/pogoda-podkarpackie.pl\/index.php\/polany\/\",\"url\":\"https:\/\/pogoda-podkarpackie.pl\/index.php\/polany\/\",\"name\":\"Polany- Pogoda Podkarpackie\",\"isPartOf\":{\"@id\":\"https:\/\/pogoda-podkarpackie.pl\/#website\"},\"primaryImageOfPage\":{\"@id\":\"https:\/\/pogoda-podkarpackie.pl\/index.php\/polany\/#primaryimage\"},\"image\":{\"@id\":\"https:\/\/pogoda-podkarpackie.pl\/index.php\/polany\/#primaryimage\"},\"thumbnailUrl\":\"https:\/\/pogoda-podkarpackie.pl\/wp-content\/uploads\/Polany-253x300.webp\",\"datePublished\":\"2020-11-16T15:44:22+00:00\",\"dateModified\":\"2026-04-26T21:04:21+00:00\",\"description\":\"Pogoda na Podkarpaciu, aktualne warunki pogodowe, prognozy pogody, warunki narciarskie, ostrze\u017cenia meteorologiczne, tylko sprawdzone informacje dla regionu Podkarpacia\",\"breadcrumb\":{\"@id\":\"https:\/\/pogoda-podkarpackie.pl\/index.php\/polany\/#breadcrumb\"},\"inLanguage\":\"pl-PL\",\"potentialAction\":[{\"@type\":\"ReadAction\",\"target\":[\"https:\/\/pogoda-podkarpackie.pl\/index.php\/polany\/\"]}]},{\"@type\":\"ImageObject\",\"inLanguage\":\"pl-PL\",\"@id\":\"https:\/\/pogoda-podkarpackie.pl\/index.php\/polany\/#primaryimage\",\"url\":\"https:\/\/pogoda-podkarpackie.pl\/wp-content\/uploads\/Polany.webp\",\"contentUrl\":\"https:\/\/pogoda-podkarpackie.pl\/wp-content\/uploads\/Polany.webp\",\"width\":1503,\"height\":1783},{\"@type\":\"BreadcrumbList\",\"@id\":\"https:\/\/pogoda-podkarpackie.pl\/index.php\/polany\/#breadcrumb\",\"itemListElement\":[{\"@type\":\"ListItem\",\"position\":1,\"name\":\"Strona g\u0142\u00f3wna\",\"item\":\"https:\/\/pogoda-podkarpackie.pl\/\"},{\"@type\":\"ListItem\",\"position\":2,\"name\":\"Polany\"}]},{\"@type\":\"WebSite\",\"@id\":\"https:\/\/pogoda-podkarpackie.pl\/#website\",\"url\":\"https:\/\/pogoda-podkarpackie.pl\/\",\"name\":\"\",\"description\":\"\",\"publisher\":{\"@id\":\"https:\/\/pogoda-podkarpackie.pl\/#\/schema\/person\/d00805131cfee9672bb133a1f5f07a8d\"},\"potentialAction\":[{\"@type\":\"SearchAction\",\"target\":{\"@type\":\"EntryPoint\",\"urlTemplate\":\"https:\/\/pogoda-podkarpackie.pl\/?s={search_term_string}\"},\"query-input\":\"required name=search_term_string\"}],\"inLanguage\":\"pl-PL\"},{\"@type\":[\"Person\",\"Organization\"],\"@id\":\"https:\/\/pogoda-podkarpackie.pl\/#\/schema\/person\/d00805131cfee9672bb133a1f5f07a8d\",\"name\":\"pogodapdk\",\"image\":{\"@type\":\"ImageObject\",\"inLanguage\":\"pl-PL\",\"@id\":\"https:\/\/pogoda-podkarpackie.pl\/#\/schema\/person\/image\/\",\"url\":\"https:\/\/secure.gravatar.com\/avatar\/6674b53f68107cc82213f877da11f179?s=96&d=mm&r=g\",\"contentUrl\":\"https:\/\/secure.gravatar.com\/avatar\/6674b53f68107cc82213f877da11f179?s=96&d=mm&r=g\",\"caption\":\"pogodapdk\"},\"logo\":{\"@id\":\"https:\/\/pogoda-podkarpackie.pl\/#\/schema\/person\/image\/\"},\"sameAs\":[\"https:\/\/pogoda-podkarpackie.pl\"]}]}<\/script>\n<!-- \/ Yoast SEO plugin. -->","yoast_head_json":{"title":"Polany- Pogoda Podkarpackie","description":"Pogoda na Podkarpaciu, aktualne warunki pogodowe, prognozy pogody, warunki narciarskie, ostrze\u017cenia meteorologiczne, tylko sprawdzone informacje dla regionu Podkarpacia","robots":{"index":"index","follow":"follow","max-snippet":"max-snippet:-1","max-image-preview":"max-image-preview:large","max-video-preview":"max-video-preview:-1"},"canonical":"https:\/\/pogoda-podkarpackie.pl\/index.php\/polany\/","og_locale":"pl_PL","og_type":"article","og_title":"Polany- Pogoda Podkarpackie","og_description":"Pogoda na Podkarpaciu, aktualne warunki pogodowe, prognozy pogody, warunki narciarskie, ostrze\u017cenia meteorologiczne, tylko sprawdzone informacje dla regionu Podkarpacia","og_url":"https:\/\/pogoda-podkarpackie.pl\/index.php\/polany\/","article_modified_time":"2026-04-26T21:04:21+00:00","og_image":[{"url":"https:\/\/pogoda-podkarpackie.pl\/wp-content\/uploads\/Polany-253x300.webp"}],"twitter_card":"summary_large_image","twitter_misc":{"Szacowany czas czytania":"1 minuta"},"schema":{"@context":"https:\/\/schema.org","@graph":[{"@type":"WebPage","@id":"https:\/\/pogoda-podkarpackie.pl\/index.php\/polany\/","url":"https:\/\/pogoda-podkarpackie.pl\/index.php\/polany\/","name":"Polany- Pogoda Podkarpackie","isPartOf":{"@id":"https:\/\/pogoda-podkarpackie.pl\/#website"},"primaryImageOfPage":{"@id":"https:\/\/pogoda-podkarpackie.pl\/index.php\/polany\/#primaryimage"},"image":{"@id":"https:\/\/pogoda-podkarpackie.pl\/index.php\/polany\/#primaryimage"},"thumbnailUrl":"https:\/\/pogoda-podkarpackie.pl\/wp-content\/uploads\/Polany-253x300.webp","datePublished":"2020-11-16T15:44:22+00:00","dateModified":"2026-04-26T21:04:21+00:00","description":"Pogoda na Podkarpaciu, aktualne warunki pogodowe, prognozy pogody, warunki narciarskie, ostrze\u017cenia meteorologiczne, tylko sprawdzone informacje dla regionu Podkarpacia","breadcrumb":{"@id":"https:\/\/pogoda-podkarpackie.pl\/index.php\/polany\/#breadcrumb"},"inLanguage":"pl-PL","potentialAction":[{"@type":"ReadAction","target":["https:\/\/pogoda-podkarpackie.pl\/index.php\/polany\/"]}]},{"@type":"ImageObject","inLanguage":"pl-PL","@id":"https:\/\/pogoda-podkarpackie.pl\/index.php\/polany\/#primaryimage","url":"https:\/\/pogoda-podkarpackie.pl\/wp-content\/uploads\/Polany.webp","contentUrl":"https:\/\/pogoda-podkarpackie.pl\/wp-content\/uploads\/Polany.webp","width":1503,"height":1783},{"@type":"BreadcrumbList","@id":"https:\/\/pogoda-podkarpackie.pl\/index.php\/polany\/#breadcrumb","itemListElement":[{"@type":"ListItem","position":1,"name":"Strona g\u0142\u00f3wna","item":"https:\/\/pogoda-podkarpackie.pl\/"},{"@type":"ListItem","position":2,"name":"Polany"}]},{"@type":"WebSite","@id":"https:\/\/pogoda-podkarpackie.pl\/#website","url":"https:\/\/pogoda-podkarpackie.pl\/","name":"","description":"","publisher":{"@id":"https:\/\/pogoda-podkarpackie.pl\/#\/schema\/person\/d00805131cfee9672bb133a1f5f07a8d"},"potentialAction":[{"@type":"SearchAction","target":{"@type":"EntryPoint","urlTemplate":"https:\/\/pogoda-podkarpackie.pl\/?s={search_term_string}"},"query-input":"required name=search_term_string"}],"inLanguage":"pl-PL"},{"@type":["Person","Organization"],"@id":"https:\/\/pogoda-podkarpackie.pl\/#\/schema\/person\/d00805131cfee9672bb133a1f5f07a8d","name":"pogodapdk","image":{"@type":"ImageObject","inLanguage":"pl-PL","@id":"https:\/\/pogoda-podkarpackie.pl\/#\/schema\/person\/image\/","url":"https:\/\/secure.gravatar.com\/avatar\/6674b53f68107cc82213f877da11f179?s=96&d=mm&r=g","contentUrl":"https:\/\/secure.gravatar.com\/avatar\/6674b53f68107cc82213f877da11f179?s=96&d=mm&r=g","caption":"pogodapdk"},"logo":{"@id":"https:\/\/pogoda-podkarpackie.pl\/#\/schema\/person\/image\/"},"sameAs":["https:\/\/pogoda-podkarpackie.pl"]}]}},"_links":{"self":[{"href":"https:\/\/pogoda-podkarpackie.pl\/index.php\/wp-json\/wp\/v2\/pages\/26"}],"collection":[{"href":"https:\/\/pogoda-podkarpackie.pl\/index.php\/wp-json\/wp\/v2\/pages"}],"about":[{"href":"https:\/\/pogoda-podkarpackie.pl\/index.php\/wp-json\/wp\/v2\/types\/page"}],"author":[{"embeddable":true,"href":"https:\/\/pogoda-podkarpackie.pl\/index.php\/wp-json\/wp\/v2\/users\/1"}],"replies":[{"embeddable":true,"href":"https:\/\/pogoda-podkarpackie.pl\/index.php\/wp-json\/wp\/v2\/comments?post=26"}],"version-history":[{"count":141,"href":"https:\/\/pogoda-podkarpackie.pl\/index.php\/wp-json\/wp\/v2\/pages\/26\/revisions"}],"predecessor-version":[{"id":2016,"href":"https:\/\/pogoda-podkarpackie.pl\/index.php\/wp-json\/wp\/v2\/pages\/26\/revisions\/2016"}],"wp:attachment":[{"href":"https:\/\/pogoda-podkarpackie.pl\/index.php\/wp-json\/wp\/v2\/media?parent=26"}],"curies":[{"name":"wp","href":"https:\/\/api.w.org\/{rel}","templated":true}]}}